{"id":6632,"date":"2025-05-09T10:29:33","date_gmt":"2025-05-09T08:29:33","guid":{"rendered":"https:\/\/interser.it\/politique-de-confidentialite\/"},"modified":"2025-05-09T13:28:00","modified_gmt":"2025-05-09T11:28:00","slug":"politique-de-confidentialite","status":"publish","type":"page","link":"https:\/\/interser.it\/fr\/politique-de-confidentialite\/","title":{"rendered":"Politique de confidentialit\u00e9"},"content":{"rendered":"<p><strong><u>DIVULGATION CONFORM\u00c9MENT \u00c0 L&rsquo;ART. 13 DU R\u00c8GLEMENT EUROP\u00c9EN 2016\/679<\/u><\/strong><\/p>\n<p><strong><u>TRAITEMENT DES DONN\u00c9ES PERSONNELLES SUR LES SITES WEB<\/u><\/strong><\/p>\n<p><strong> <\/strong><\/p>\n<p>Cette page comprend la description des m\u00e9thodes de gestion du site avec une r\u00e9f\u00e9rence sp\u00e9cifique au traitement des donn\u00e9es personnelles des utilisateurs finaux qui consultent le site, en les informant sur l&rsquo;utilisation des donn\u00e9es effectu\u00e9e par le m\u00eame site.<\/p>\n<p>Le traitement est toujours fond\u00e9 sur les principes de l\u00e9galit\u00e9 et d&rsquo;\u00e9quit\u00e9, dans le respect de la r\u00e9glementation en vigueur. \u00c0 cette fin, des mesures de s\u00e9curit\u00e9 appropri\u00e9es sont prises pour prot\u00e9ger les donn\u00e9es personnelles. Cette politique de confidentialit\u00e9 est fournie \u00e0 titre d&rsquo;information conform\u00e9ment \u00e0 l&rsquo;art. 13 du r\u00e8glement europ\u00e9en 2016\/679 (ci-apr\u00e8s d\u00e9nomm\u00e9 \u00a0\u00bb GDPR \u00ab\u00a0).  <\/p>\n<p><strong>SUPPORT DE TRAITEMENT  <\/strong><\/p>\n<p>Le responsable du traitement des donn\u00e9es est INTER SER S.P.A (P. IVA : 01867890020), dont le si\u00e8ge est \u00e0 Vercelli (VC), Via Verdi, 27 &#8211; 13100), en la personne du repr\u00e9sentant l\u00e9gal <em>pro tempore <\/em>(ci-apr\u00e8s, \u00ab\u00a0Titulaire\u00a0\u00bb), t\u00e9l. 0161 218860, Fax : 0161 219662, Email : interser@interser.it, Site Internet : <a href=\"http:\/\/www.interser.it\/\">www.interser.it<\/a>. <\/p>\n<p>Le responsable du traitement des donn\u00e9es vous fournit les informations suivantes, conform\u00e9ment \u00e0 l&rsquo;art. 13 du R\u00e8glement de l&rsquo;UE n. 2016\/679:<\/p>\n<ol>\n<li><strong><u>Donn\u00e9es trait\u00e9es sur le site web, objectifs et m\u00e9thodes de traitement  <\/u><\/strong><\/li>\n<\/ol>\n<p>Les types de donn\u00e9es trait\u00e9es et les finalit\u00e9s correspondantes sont \u00e9num\u00e9r\u00e9s ci-dessous :<\/p>\n<ul>\n<li><strong>Donn\u00e9es de navigation<\/strong>: les syst\u00e8mes informatiques et les proc\u00e9dures logicielles utilis\u00e9s pour faire fonctionner ce site Web acqui\u00e8rent, au cours de leur fonctionnement normal, certaines donn\u00e9es personnelles dont la transmission est implicite dans l&rsquo;utilisation des protocoles de communication d&rsquo;Internet. Il s&rsquo;agit d&rsquo;informations qui ne sont pas collect\u00e9es pour \u00eatre associ\u00e9es \u00e0 des personnes int\u00e9ress\u00e9es identifi\u00e9es, mais qui, de par leur nature m\u00eame, pourraient, par le biais d&rsquo;un traitement et d&rsquo;une association avec des donn\u00e9es d\u00e9tenues par des tiers, permettre d&rsquo;identifier les utilisateurs. Cette cat\u00e9gorie de donn\u00e9es comprend les adresses IP ou les noms de domaine des ordinateurs utilis\u00e9s par les utilisateurs qui se connectent au site, les adresses dans la notation URI (Uniform Resource Identifier) des ressources demand\u00e9es, l&rsquo;heure de la demande, la m\u00e9thode utilis\u00e9e pour soumettre la demande au serveur, la taille du fichier obtenu en r\u00e9ponse, le code num\u00e9rique indiquant l&rsquo;\u00e9tat de la r\u00e9ponse donn\u00e9e par le serveur (succ\u00e8s, erreur, etc.) et d&rsquo;autres param\u00e8tres li\u00e9s \u00e0 son syst\u00e8me d&rsquo;exploitation et \u00e0 son environnement informatique. Ces donn\u00e9es sont utilis\u00e9es dans le seul but d&rsquo;obtenir des informations statistiques anonymes sur l&rsquo;utilisation du site et de v\u00e9rifier son bon fonctionnement et sont effac\u00e9es imm\u00e9diatement apr\u00e8s leur traitement. Les donn\u00e9es pourraient \u00eatre utilis\u00e9es pour d\u00e9terminer la responsabilit\u00e9 en cas d&rsquo;hypoth\u00e9tiques d\u00e9lits informatiques au d\u00e9triment du Site. Les donn\u00e9es de navigation sont trait\u00e9es dans l&rsquo;int\u00e9r\u00eat l\u00e9gitime d&rsquo;Inter Ser pour garantir la s\u00e9curit\u00e9 du Site (article 6, paragraphe 1, lettre f) du R\u00e8glement).     <\/li>\n<li><strong>Donn\u00e9es fournies volontairement par l&rsquo;utilisateur<\/strong>: l&rsquo;envoi facultatif, explicite et volontaire de courrier ou d&rsquo;e-mail aux adresses indiqu\u00e9es sur ce site ou aux formulaires de contact de ce site entra\u00eene l&rsquo;acquisition ult\u00e9rieure de l&rsquo;adresse e-mail ou de l&rsquo;e-mail de l&rsquo;exp\u00e9diteur, n\u00e9cessaire pour r\u00e9pondre aux demandes, ainsi que de toute autre donn\u00e9e personnelle incluse dans le message. En dehors de ce qui est pr\u00e9vu pour les donn\u00e9es de navigation, vous \u00eates libre de fournir les donn\u00e9es personnelles contenues dans les formulaires de demande d&rsquo;information \u00e0 la Soci\u00e9t\u00e9 sur le Site. La non-fourniture de ces donn\u00e9es peut entra\u00eener l&rsquo;impossibilit\u00e9 d&rsquo;obtenir ce qui a \u00e9t\u00e9 demand\u00e9.  <\/li>\n<\/ul>\n<p><u>Les donn\u00e9es que vous avez introduites dans nos formulaires de demande d&rsquo;informations seront trait\u00e9es par nos soins dans le but exclusif de pouvoir vous fournir les informations que vous avez demand\u00e9es<\/u>. Dans le cas o\u00f9 votre demande concerne l&rsquo;achat de nos biens et services, nous traiterons vos donn\u00e9es pour ex\u00e9cuter les mesures pr\u00e9contractuelles prises \u00e0 votre demande avant l&rsquo;achat de nos produits ou services (article 23, paragraphe 1, point b) du Code ; art. 6, co. 1, point b) du R\u00e8glement) ; dans tous les autres cas, nous traiterons vos donn\u00e9es dans le but de vous fournir les informations demand\u00e9es. 6, co. 1, let. b) du R\u00e8glement) ; dans tous les autres cas, le Responsable du traitement traitera ses donn\u00e9es pour poursuivre l&rsquo;int\u00e9r\u00eat l\u00e9gitime de communiquer efficacement avec le client et de r\u00e9pondre aux questions qui lui sont adress\u00e9es (article 6, paragraphe 1, lettre f) du R\u00e8glement). Dans le cas o\u00f9 vous communiquez facultativement votre num\u00e9ro de t\u00e9l\u00e9phone en plus de l&rsquo;adresse \u00e9lectronique, le titulaire vous contactera \u00e9galement par t\u00e9l\u00e9phone pour vous fournir les informations demand\u00e9es. Le responsable du traitement des donn\u00e9es n&rsquo;utilisera son adresse \u00e9lectronique et son num\u00e9ro de t\u00e9l\u00e9phone que pour fournir les informations demand\u00e9es, \u00e0 moins que vous n&rsquo;ayez \u00e9galement consenti au traitement de vos donn\u00e9es \u00e0 caract\u00e8re personnel \u00e0 des fins de marketing, comme indiqu\u00e9 au point suivant. Le responsable du traitement ne nous transmet pas de donn\u00e9es sensibles (c&rsquo;est-\u00e0-dire des donn\u00e9es qui r\u00e9v\u00e8lent l&rsquo;origine raciale ou ethnique, les opinions politiques, les convictions religieuses ou philosophiques, ou l&rsquo;appartenance syndicale, ainsi que des donn\u00e9es g\u00e9n\u00e9tiques, des donn\u00e9es biom\u00e9triques destin\u00e9es \u00e0 identifier sans ambigu\u00eft\u00e9 une personne physique, des donn\u00e9es relatives \u00e0 la sant\u00e9 ou \u00e0 la vie sexuelle ou \u00e0 l&rsquo;orientation sexuelle de la personne).     <\/p>\n<ul>\n<li><strong>Donn\u00e9es obtenues par le biais de vos appels t\u00e9l\u00e9phoniques<\/strong>: dans le cas o\u00f9 vous contacteriez le responsable du traitement par t\u00e9l\u00e9phone, nous traiterons vos donn\u00e9es personnelles que vous pourriez communiquer au cours de l&rsquo;appel t\u00e9l\u00e9phonique uniquement pour fournir l&rsquo;assistance technique ou les informations demand\u00e9es.<\/li>\n<li><strong>Le contr\u00f4leur des donn\u00e9es traite-t-il les donn\u00e9es \u00e0 des fins de marketing ?<\/strong>Avec votre consentement (articles 23, paragraphes 1 et 130 du Code, article 6, paragraphe 1, lettre a) du R\u00e8glement), le Responsable du traitement traitera vos donn\u00e9es \u00e0 des fins de marketing (vente directe, mat\u00e9riel publicitaire, \u00e9tudes de march\u00e9 et communication commerciale) et pour leur envoyer par courrier, e-mail et t\u00e9l\u00e9phone des communications promotionnelles, des offres et des promotions relatives aux produits et aux services offerts par Inter Ser. En cas d&rsquo;absence de consentement au traitement des donn\u00e9es personnelles \u00e0 des fins de marketing, la possibilit\u00e9 de faire une demande d&rsquo;information sur le site, de s&rsquo;enregistrer sur le site et d&rsquo;effectuer des achats sur le site ne sera en aucun cas affect\u00e9e et vous ne subirez aucune autre cons\u00e9quence pr\u00e9judiciable. Vous pouvez en tout cas r\u00e9voquer librement et gratuitement votre consentement au traitement de vos donn\u00e9es personnelles \u00e0 des fins de marketing \u00e0 tout moment, en en faisant la demande \u00e0 Inter Ser de la mani\u00e8re indiqu\u00e9e au paragraphe 6 qui suit, m\u00eame de mani\u00e8re s\u00e9lective (par exemple, en communiquant sa volont\u00e9 de ne plus recevoir de communications par e-mail ou par t\u00e9l\u00e9phone, en ne voulant plus recevoir que des communications par courrier postal). En ce qui concerne les communications promotionnelles envoy\u00e9es par courrier \u00e9lectronique, vous pouvez r\u00e9voquer votre consentement au traitement de votre adresse \u00e9lectronique \u00e0 des fins de marketing en cliquant sur le lien d&rsquo;annulation (opt-out) pr\u00e9sent dans chaque courrier \u00e9lectronique promotionnel.   <\/li>\n<\/ul>\n<p>Le traitement de vos donn\u00e9es personnelles sera effectu\u00e9 \u00e0 l&rsquo;aide d&rsquo;outils manuels et informatiques, avec une logique strictement li\u00e9e aux finalit\u00e9s poursuivies et, dans tous les cas, de mani\u00e8re \u00e0 garantir la s\u00e9curit\u00e9 et la confidentialit\u00e9 des donn\u00e9es.<\/p>\n<ol start=\"2\">\n<li><strong><u>  Base juridique<\/u><\/strong><\/li>\n<\/ol>\n<p>Le traitement des donn\u00e9es personnelles que vous avez fournies a pour base juridique, conform\u00e9ment \u00e0 l&rsquo;art. 6 GDPR, le consentement. En utilisant ou en consultant ce site, les visiteurs et les utilisateurs approuvent la pr\u00e9sente d\u00e9claration de confidentialit\u00e9 et consentent au traitement de leurs donn\u00e9es personnelles en relation avec les m\u00e9thodes et les finalit\u00e9s d\u00e9crites ci-dessous : <\/p>\n<ol>\n<li>a) Conclure les contrats pour les services offerts par le titulaire ;<\/li>\n<li>b) remplir les obligations \u00e9tablies par la loi (telles que la l\u00e9gislation contre le blanchiment d&rsquo;argent)<\/li>\n<li>c) exercer les droits du titulaire (par exemple le droit de d\u00e9fense en justice) ;<\/li>\n<\/ol>\n<p>Il est pr\u00e9cis\u00e9 que ces donn\u00e9es ne sont jamais utilis\u00e9es pour l&rsquo;identification ou le profilage de l&rsquo;utilisateur, mais uniquement \u00e0 des fins de protection du site et de ses utilisateurs.<\/p>\n<p>Le site permet de remplir le \u00ab\u00a0Formulaire de contact\u00a0\u00bb ; dans ce cas, il d\u00e9tecte et enregistre automatiquement certaines donn\u00e9es d&rsquo;identification de l&rsquo;utilisateur, y compris l&rsquo;adresse \u00e9lectronique. Ces donn\u00e9es sont fournies volontairement par l&rsquo;utilisateur au moment de sa demande de contact : par cons\u00e9quent, en introduisant un commentaire ou d&rsquo;autres informations, l&rsquo;utilisateur accepte automatiquement la politique de confidentialit\u00e9. <\/p>\n<p>En outre, les donn\u00e9es de navigation sont trait\u00e9es pour un int\u00e9r\u00eat l\u00e9gitime d&rsquo;Inter Ser \u00e0 assurer la s\u00e9curit\u00e9 du Site ; de plus, dans le cas des communications, vos donn\u00e9es sont utilis\u00e9es pour poursuivre l&rsquo;int\u00e9r\u00eat l\u00e9gitime du propri\u00e9taire \u00e0 communiquer efficacement avec les clients et \u00e0 r\u00e9pondre aux questions qui lui sont adress\u00e9es.<\/p>\n<ol start=\"3\">\n<li><strong><u>  B\u00e9n\u00e9ficiaires<\/u><\/strong><\/li>\n<\/ol>\n<p>En utilisant le site, l&rsquo;utilisateur consent \u00e0 ce que les donn\u00e9es trait\u00e9es soient communiqu\u00e9es par le responsable du traitement aux destinataires suivants :<\/p>\n<ul>\n<li>Les personnes agissant en tant que responsables du traitement, telles que les personnes physiques ou morales qui fournissent une assistance et des conseils (comme, par exemple, les personnes charg\u00e9es d&rsquo;effectuer des activit\u00e9s de maintenance technique) ;<\/li>\n<li>Les personnes avec lesquelles le contr\u00f4leur des donn\u00e9es interagit dans le cadre de la fourniture de services ;<\/li>\n<li>les sujets, entit\u00e9s ou autorit\u00e9s auxquels le responsable du traitement des donn\u00e9es est tenu de communiquer vos donn\u00e9es \u00e0 caract\u00e8re personnel en vertu de la loi ou d&rsquo;ordonnances des autorit\u00e9s.<\/li>\n<\/ul>\n<ol start=\"4\">\n<li><strong><u>  Transfert de donn\u00e9es<\/u><\/strong><\/li>\n<\/ol>\n<p>Vos donn\u00e9es personnelles sont stock\u00e9es au si\u00e8ge social d&rsquo;Inter Ser, au sein de l&rsquo;Union europ\u00e9enne. En tout \u00e9tat de cause, le Responsable du traitement s&rsquo;assure que tout transfert futur de vos donn\u00e9es vers un pays ou une organisation extracommunautaire se fera conform\u00e9ment aux dispositions de la loi et, en particulier, conform\u00e9ment au Chapitre V du R\u00e8glement UE 2016\/679, qui dicte, comme exigences fondamentales, que le transfert doit avoir lieu soit sur la base d&rsquo;une d\u00e9cision d&rsquo;ad\u00e9quation (article 45 du RGPD), soit sur la base des garanties que le destinataire a assur\u00e9es (article 46 du RGPD).<\/p>\n<ol start=\"5\">\n<li><strong><u>  Dur\u00e9e de conservation<\/u><\/strong><\/li>\n<\/ol>\n<p>Les donn\u00e9es personnelles sont trait\u00e9es pendant la dur\u00e9e n\u00e9cessaire \u00e0 l&rsquo;ex\u00e9cution du service demand\u00e9 par l&rsquo;utilisateur et, en tout \u00e9tat de cause, pendant la dur\u00e9e strictement n\u00e9cessaire \u00e0 la poursuite des objectifs d\u00e9crits au point 2.<\/p>\n<ol start=\"6\">\n<li><strong><u>  Droits de l&rsquo;homme  <\/u><\/strong><\/li>\n<\/ol>\n<p>Vous avez le pouvoir d&rsquo;exercer les droits suivants :<\/p>\n<ul>\n<li>Droit d&rsquo;<strong>acc\u00e8s<\/strong>, c&rsquo;est-\u00e0-dire le droit de demander au propri\u00e9taire de confirmer que le traitement des donn\u00e9es personnelles vous concernant est ou n&rsquo;est pas en cours, en obtenant toutes les informations indiqu\u00e9es \u00e0 l&rsquo;art. 15 GDPR (par exemple, les finalit\u00e9s du traitement, les cat\u00e9gories de donn\u00e9es personnelles trait\u00e9es, etc \ud83d\ude09<\/li>\n<li>Droit de demander la <strong>rectification des<\/strong>donn\u00e9es inexactes ou leur int\u00e9gration, si elles sont incompl\u00e8tes (article 16 du RGPD) ;<\/li>\n<li>Droit d&rsquo;obtenir l&rsquo;<strong>effacement des<\/strong>donn\u00e9es personnelles, si l&rsquo;une des raisons indiqu\u00e9es \u00e0 l&rsquo;art. 17 GDPR (par exemple, les donn\u00e9es ne sont plus n\u00e9cessaires au regard des finalit\u00e9s pour lesquelles elles ont \u00e9t\u00e9 collect\u00e9es ou trait\u00e9es d&rsquo;une autre mani\u00e8re) ;<\/li>\n<li>Droit d&rsquo;obtenir la <strong>limitation du traitement dans<\/strong>les cas indiqu\u00e9s \u00e0 l&rsquo;art. 18 GDPR (par exemple, si l&rsquo;exactitude des donn\u00e9es personnelles est contest\u00e9e ou si l&rsquo;on consid\u00e8re que le traitement est ill\u00e9gal) ;<\/li>\n<li>Droit de <strong>recevoir les<\/strong>donn\u00e9es <strong>personnelles<\/strong>vous concernant, dans un format structur\u00e9, courant et lisible, par un dispositif automatique, afin de <strong>les transmettre \u00e0 un autre propri\u00e9taire<\/strong>, sans entraves de la part du premier propri\u00e9taire \u00e0 qui elles ont \u00e9t\u00e9 fournies \u00e0 l&rsquo;origine. Ce droit peut \u00eatre exerc\u00e9 si le traitement est effectu\u00e9 par des moyens automatis\u00e9s et est bas\u00e9 sur le consentement ou sur un contrat (droit \u00e0 la portabilit\u00e9 des donn\u00e9es, conform\u00e9ment \u00e0 l&rsquo;article 20 du GDPR) ; <\/li>\n<li>Droit de <strong>s&rsquo;opposer <\/strong>conform\u00e9ment \u00e0 l&rsquo;article 21 du GDPR, \u00e0 tout moment, au traitement des donn\u00e9es personnelles vous concernant, si :<\/li>\n<li>le traitement est n\u00e9cessaire \u00e0 l&rsquo;ex\u00e9cution d&rsquo;une mission d&rsquo;int\u00e9r\u00eat public ou relevant de l&rsquo;exercice de l&rsquo;autorit\u00e9 publique dont est investi le titulaire, ou est n\u00e9cessaire \u00e0 la poursuite d&rsquo;un int\u00e9r\u00eat l\u00e9gitime du titulaire (voir l&rsquo;article 6, paragraphe 1, lettres e) et f)), y compris les cas dans lesquels le profilage est effectu\u00e9 dans le cadre de ce traitement. En cas d&rsquo;opposition, le responsable du traitement s&rsquo;abstiendra de poursuivre le traitement des donn\u00e9es \u00e0 caract\u00e8re personnel, \u00e0 moins qu&rsquo;il ne d\u00e9montre, d&rsquo;une part, l&rsquo;existence de motifs l\u00e9gitimes imp\u00e9rieux qui pr\u00e9valent sur les int\u00e9r\u00eats, droits et libert\u00e9s de la personne concern\u00e9e, d&rsquo;autre part, la n\u00e9cessit\u00e9 de constater, d&rsquo;ex\u00e9cuter ou de d\u00e9fendre un droit en justice ;   <\/li>\n<li>les donn\u00e9es \u00e0 caract\u00e8re personnel sont trait\u00e9es \u00e0 des fins de marketing direct, y compris le profilage dans la mesure o\u00f9 il y est li\u00e9. Dans ce cas, les donn\u00e9es \u00e0 caract\u00e8re personnel ne seront plus trait\u00e9es \u00e0 ces fins (article 21 du GDPR) ; <\/li>\n<li>Droit de <strong>d\u00e9poser une plainte <\/strong>aupr\u00e8s d&rsquo;une autorit\u00e9 de contr\u00f4le (garant de la protection des donn\u00e9es personnelles <a href=\"http:\/\/www.garanteprivacy.it\/web\/guest\/home\">: http:\/\/www.garanteprivacy.it\/web\/guest\/home) ;<\/a><\/li>\n<li>Droit de <strong>retirer le consentement \u00e0<\/strong>tout moment, sans pr\u00e9judice de la l\u00e9galit\u00e9 du traitement fond\u00e9 sur le consentement donn\u00e9 avant la r\u00e9vocation.<\/li>\n<\/ul>\n<ol start=\"7\">\n<li><strong><u>  Obligation de communiquer<\/u><\/strong><\/li>\n<\/ol>\n<p>La communication de donn\u00e9es \u00e0 caract\u00e8re personnel est une condition n\u00e9cessaire \u00e0 la conclusion d&rsquo;un contrat<\/p>\n","protected":false},"excerpt":{"rendered":"<p>DIVULGATION CONFORM\u00c9MENT \u00c0 L&rsquo;ART. 13 DU R\u00c8GLEMENT EUROP\u00c9EN 2016\/679 TRAITEMENT DES DONN\u00c9ES PERSONNELLES SUR LES SITES WEB Cette page comprend la description des m\u00e9thodes de gestion du site avec une r\u00e9f\u00e9rence sp\u00e9cifique au traitement des donn\u00e9es personnelles des utilisateurs finaux qui consultent le site, en les informant sur l&rsquo;utilisation des donn\u00e9es effectu\u00e9e par le m\u00eame [&hellip;]<\/p>\n","protected":false},"author":2,"featured_media":0,"parent":0,"menu_order":0,"comment_status":"closed","ping_status":"closed","template":"","meta":{"_acf_changed":false,"footnotes":""},"class_list":["post-6632","page","type-page","status-publish","hentry"],"acf":[],"_links":{"self":[{"href":"https:\/\/interser.it\/fr\/wp-json\/wp\/v2\/pages\/6632","targetHints":{"allow":["GET"]}}],"collection":[{"href":"https:\/\/interser.it\/fr\/wp-json\/wp\/v2\/pages"}],"about":[{"href":"https:\/\/interser.it\/fr\/wp-json\/wp\/v2\/types\/page"}],"author":[{"embeddable":true,"href":"https:\/\/interser.it\/fr\/wp-json\/wp\/v2\/users\/2"}],"replies":[{"embeddable":true,"href":"https:\/\/interser.it\/fr\/wp-json\/wp\/v2\/comments?post=6632"}],"version-history":[{"count":2,"href":"https:\/\/interser.it\/fr\/wp-json\/wp\/v2\/pages\/6632\/revisions"}],"predecessor-version":[{"id":6680,"href":"https:\/\/interser.it\/fr\/wp-json\/wp\/v2\/pages\/6632\/revisions\/6680"}],"wp:attachment":[{"href":"https:\/\/interser.it\/fr\/wp-json\/wp\/v2\/media?parent=6632"}],"curies":[{"name":"wp","href":"https:\/\/api.w.org\/{rel}","templated":true}]}}